{"id":34838,"date":"2022-02-18T21:08:10","date_gmt":"2022-02-18T20:08:10","guid":{"rendered":"https:\/\/www.ohis.be\/produit\/wandschwenkkran-praktikus-pw\/"},"modified":"2022-02-18T21:08:10","modified_gmt":"2022-02-18T20:08:10","slug":"wandschwenkkran-praktikus-pw","status":"publish","type":"product","link":"https:\/\/www.ohis.be\/de\/produit\/wandschwenkkran-praktikus-pw\/","title":{"rendered":"Wandschwenkkran PRAKTIKUS PW"},"content":{"rendered":"<div class=\"csc-header csc-header-n1\">\n<h2 class=\"csc-firstHeader\">Vorteile<\/h2>\n<\/div>\n<div class=\"csc-texttext\">\n<ul>\n<li>Preiswerter Kran<\/li>\n<li>Leichtes Schwenken<\/li>\n<li>Abgespannte Bauweise, geringes Eigengewicht des Auslegers<\/li>\n<li>Auslegerl\u00e4nge kann den Raumverh\u00e4ltnissen angepasst werden<\/li>\n<li>Einsatz im Freigel\u00e4nde m\u00f6glich<\/li>\n<li>Montagefreundlichkeit durch gro\u00dfe Auswahl an Befestigungen<\/li>\n<li>Qualitativ hochwertige Lackierung<\/li>\n<\/ul>\n<div class=\"csc-header csc-header-n1\">\n<h2 class=\"csc-firstHeader\">Technische Informationen<\/h2>\n<\/div>\n<div class=\"csc-texttext\">\n<ul>\n<li>Wandschwenkkran<\/li>\n<li>Typenbezeichnung: PRAKTIKUS PW<\/li>\n<li>Tragf\u00e4higkeit: 80 \u2013 2.000 kg<\/li>\n<li>Ausladung: 2.000 \u2013 6.000 mm<\/li>\n<li>Schwenkbereich max.: 180\u00b0<\/li>\n<li>EN 13001 Hubklasse: HC2<\/li>\n<li>EN 13001 Stabilit\u00e4tsklasse: S2<\/li>\n<li>Bauform Ausleger: Abgespannt<\/li>\n<li>Aufstellort: Halle \/ Freigel\u00e4nde<\/li>\n<li>Hebezeug: Kettenzug<\/li>\n<li>Schwenken: Manuell<\/li>\n<\/ul>\n<\/div>\n<\/div>\n","protected":false},"excerpt":{"rendered":"<div class=\"csc-header csc-header-n1\">\n<h2 class=\"csc-firstHeader\">Vorteile<\/h2>\n<\/div>\n<div class=\"csc-texttext\">\n<ul>\n<li>Preiswerter Kran<\/li>\n<li>Leichtes Schwenken<\/li>\n<li>Abgespannte Bauweise, geringes Eigengewicht des Auslegers<\/li>\n<li>Auslegerl\u00e4nge kann den Raumverh\u00e4ltnissen angepasst werden<\/li>\n<li>Einsatz im Freigel\u00e4nde m\u00f6glich<\/li>\n<li>Montagefreundlichkeit durch gro\u00dfe Auswahl an Befestigungen<\/li>\n<li>Qualitativ hochwertige Lackierung<\/li>\n<\/ul>\n<div class=\"csc-header csc-header-n1\">\n<h2 class=\"csc-firstHeader\">Technische Informationen<\/h2>\n<\/div>\n<div class=\"csc-texttext\">\n<ul>\n<li>Wandschwenkkran<\/li>\n<li>Typenbezeichnung: PRAKTIKUS PW<\/li>\n<li>Tragf\u00e4higkeit: 80 \u2013 2.000 kg<\/li>\n<li>Ausladung: 2.000 \u2013 6.000 mm<\/li>\n<li>Schwenkbereich max.: 180\u00b0<\/li>\n<li>EN 13001 Hubklasse: HC2<\/li>\n<li>EN 13001 Stabilit\u00e4tsklasse: S2<\/li>\n<li>Bauform Ausleger: Abgespannt<\/li>\n<li>Aufstellort: Halle \/ Freigel\u00e4nde<\/li>\n<li>Hebezeug: Kettenzug<\/li>\n<li>Schwenken: Manuell<\/li>\n<\/ul>\n<\/div>\n<\/div>\n","protected":false},"featured_media":12466,"template":"","meta":{"_acf_changed":false,"inline_featured_image":false},"product_brand":[],"product_cat":[119],"product_tag":[703],"class_list":{"0":"post-34838","1":"product","2":"type-product","3":"status-publish","4":"has-post-thumbnail","6":"product_cat-schwenkkrane","7":"product_tag-vetter-de","9":"first","10":"onbackorder","11":"taxable","12":"shipping-taxable","13":"purchasable","14":"product-type-simple"},"acf":[],"yoast_head":"<!-- This site is optimized with the Yoast SEO plugin v27.4 - https:\/\/yoast.com\/product\/yoast-seo-wordpress\/ -->\n<title>Wandschwenkkran PRAKTIKUS PW - Ohis<\/title>\n<meta name=\"robots\" content=\"index, follow, max-snippet:-1, max-image-preview:large, max-video-preview:-1\" \/>\n<link rel=\"canonical\" href=\"https:\/\/www.ohis.be\/de\/produit\/wandschwenkkran-praktikus-pw\/\" \/>\n<meta property=\"og:locale\" content=\"de_DE\" \/>\n<meta property=\"og:type\" content=\"article\" \/>\n<meta property=\"og:title\" content=\"Wandschwenkkran PRAKTIKUS PW - Ohis\" \/>\n<meta property=\"og:description\" content=\"Vorteile     Preiswerter Kran  Leichtes Schwenken  Abgespannte Bauweise, geringes Eigengewicht des Auslegers  Auslegerl\u00e4nge kann den Raumverh\u00e4ltnissen angepasst werden  Einsatz im Freigel\u00e4nde m\u00f6glich  Montagefreundlichkeit durch gro\u00dfe Auswahl an Befestigungen  Qualitativ hochwertige Lackierung   Technische Informationen     Wandschwenkkran  Typenbezeichnung: PRAKTIKUS PW  Tragf\u00e4higkeit: 80 \u2013 2.000 kg  Ausladung: 2.000 \u2013 6.000 mm  Schwenkbereich max.: 180\u00b0  EN 13001 Hubklasse: HC2  EN 13001 Stabilit\u00e4tsklasse: S2  Bauform Ausleger: Abgespannt  Aufstellort: Halle \/ Freigel\u00e4nde  Hebezeug: Kettenzug  Schwenken: Manuell\" \/>\n<meta property=\"og:url\" content=\"https:\/\/www.ohis.be\/de\/produit\/wandschwenkkran-praktikus-pw\/\" \/>\n<meta property=\"og:site_name\" content=\"Ohis\" \/>\n<meta property=\"og:image\" content=\"https:\/\/www.ohis.be\/wp-content\/uploads\/2022\/02\/wandschwenkkran-praktikus-dreherei_03.jpg\" \/>\n\t<meta property=\"og:image:width\" content=\"800\" \/>\n\t<meta property=\"og:image:height\" content=\"600\" \/>\n\t<meta property=\"og:image:type\" content=\"image\/jpeg\" \/>\n<meta name=\"twitter:card\" content=\"summary_large_image\" \/>\n<script type=\"application\/ld+json\" class=\"yoast-schema-graph\">{\"@context\":\"https:\\\/\\\/schema.org\",\"@graph\":[{\"@type\":\"WebPage\",\"@id\":\"https:\\\/\\\/www.ohis.be\\\/de\\\/produit\\\/wandschwenkkran-praktikus-pw\\\/\",\"url\":\"https:\\\/\\\/www.ohis.be\\\/de\\\/produit\\\/wandschwenkkran-praktikus-pw\\\/\",\"name\":\"Wandschwenkkran PRAKTIKUS PW - Ohis\",\"isPartOf\":{\"@id\":\"https:\\\/\\\/www.ohis.be\\\/#website\"},\"primaryImageOfPage\":{\"@id\":\"https:\\\/\\\/www.ohis.be\\\/de\\\/produit\\\/wandschwenkkran-praktikus-pw\\\/#primaryimage\"},\"image\":{\"@id\":\"https:\\\/\\\/www.ohis.be\\\/de\\\/produit\\\/wandschwenkkran-praktikus-pw\\\/#primaryimage\"},\"thumbnailUrl\":\"https:\\\/\\\/www.ohis.be\\\/wp-content\\\/uploads\\\/2022\\\/02\\\/wandschwenkkran-praktikus-dreherei_03.jpg\",\"datePublished\":\"2022-02-18T20:08:10+00:00\",\"breadcrumb\":{\"@id\":\"https:\\\/\\\/www.ohis.be\\\/de\\\/produit\\\/wandschwenkkran-praktikus-pw\\\/#breadcrumb\"},\"inLanguage\":\"de\",\"potentialAction\":[{\"@type\":\"ReadAction\",\"target\":[\"https:\\\/\\\/www.ohis.be\\\/de\\\/produit\\\/wandschwenkkran-praktikus-pw\\\/\"]}]},{\"@type\":\"ImageObject\",\"inLanguage\":\"de\",\"@id\":\"https:\\\/\\\/www.ohis.be\\\/de\\\/produit\\\/wandschwenkkran-praktikus-pw\\\/#primaryimage\",\"url\":\"https:\\\/\\\/www.ohis.be\\\/wp-content\\\/uploads\\\/2022\\\/02\\\/wandschwenkkran-praktikus-dreherei_03.jpg\",\"contentUrl\":\"https:\\\/\\\/www.ohis.be\\\/wp-content\\\/uploads\\\/2022\\\/02\\\/wandschwenkkran-praktikus-dreherei_03.jpg\",\"width\":800,\"height\":600},{\"@type\":\"BreadcrumbList\",\"@id\":\"https:\\\/\\\/www.ohis.be\\\/de\\\/produit\\\/wandschwenkkran-praktikus-pw\\\/#breadcrumb\",\"itemListElement\":[{\"@type\":\"ListItem\",\"position\":1,\"name\":\"Accueil\",\"item\":\"https:\\\/\\\/www.ohis.be\\\/de\\\/\"},{\"@type\":\"ListItem\",\"position\":2,\"name\":\"Produkte\",\"item\":\"https:\\\/\\\/www.ohis.be\\\/de\\\/produkte\\\/\"},{\"@type\":\"ListItem\",\"position\":3,\"name\":\"Wandschwenkkran PRAKTIKUS PW\"}]},{\"@type\":\"WebSite\",\"@id\":\"https:\\\/\\\/www.ohis.be\\\/#website\",\"url\":\"https:\\\/\\\/www.ohis.be\\\/\",\"name\":\"Ohis\",\"description\":\"Outils de levage\",\"publisher\":{\"@id\":\"https:\\\/\\\/www.ohis.be\\\/#organization\"},\"potentialAction\":[{\"@type\":\"SearchAction\",\"target\":{\"@type\":\"EntryPoint\",\"urlTemplate\":\"https:\\\/\\\/www.ohis.be\\\/?s={search_term_string}\"},\"query-input\":{\"@type\":\"PropertyValueSpecification\",\"valueRequired\":true,\"valueName\":\"search_term_string\"}}],\"inLanguage\":\"de\"},{\"@type\":\"Organization\",\"@id\":\"https:\\\/\\\/www.ohis.be\\\/#organization\",\"name\":\"Ohis\",\"url\":\"https:\\\/\\\/www.ohis.be\\\/\",\"logo\":{\"@type\":\"ImageObject\",\"inLanguage\":\"de\",\"@id\":\"https:\\\/\\\/www.ohis.be\\\/#\\\/schema\\\/logo\\\/image\\\/\",\"url\":\"https:\\\/\\\/www.ohis.be\\\/wp-content\\\/uploads\\\/2021\\\/02\\\/logo-ohis-wit.svg\",\"contentUrl\":\"https:\\\/\\\/www.ohis.be\\\/wp-content\\\/uploads\\\/2021\\\/02\\\/logo-ohis-wit.svg\",\"caption\":\"Ohis\"},\"image\":{\"@id\":\"https:\\\/\\\/www.ohis.be\\\/#\\\/schema\\\/logo\\\/image\\\/\"}}]}<\/script>\n<!-- \/ Yoast SEO plugin. -->","yoast_head_json":{"title":"Wandschwenkkran PRAKTIKUS PW - Ohis","robots":{"index":"index","follow":"follow","max-snippet":"max-snippet:-1","max-image-preview":"max-image-preview:large","max-video-preview":"max-video-preview:-1"},"canonical":"https:\/\/www.ohis.be\/de\/produit\/wandschwenkkran-praktikus-pw\/","og_locale":"de_DE","og_type":"article","og_title":"Wandschwenkkran PRAKTIKUS PW - Ohis","og_description":"Vorteile     Preiswerter Kran  Leichtes Schwenken  Abgespannte Bauweise, geringes Eigengewicht des Auslegers  Auslegerl\u00e4nge kann den Raumverh\u00e4ltnissen angepasst werden  Einsatz im Freigel\u00e4nde m\u00f6glich  Montagefreundlichkeit durch gro\u00dfe Auswahl an Befestigungen  Qualitativ hochwertige Lackierung   Technische Informationen     Wandschwenkkran  Typenbezeichnung: PRAKTIKUS PW  Tragf\u00e4higkeit: 80 \u2013 2.000 kg  Ausladung: 2.000 \u2013 6.000 mm  Schwenkbereich max.: 180\u00b0  EN 13001 Hubklasse: HC2  EN 13001 Stabilit\u00e4tsklasse: S2  Bauform Ausleger: Abgespannt  Aufstellort: Halle \/ Freigel\u00e4nde  Hebezeug: Kettenzug  Schwenken: Manuell","og_url":"https:\/\/www.ohis.be\/de\/produit\/wandschwenkkran-praktikus-pw\/","og_site_name":"Ohis","og_image":[{"width":800,"height":600,"url":"https:\/\/www.ohis.be\/wp-content\/uploads\/2022\/02\/wandschwenkkran-praktikus-dreherei_03.jpg","type":"image\/jpeg"}],"twitter_card":"summary_large_image","schema":{"@context":"https:\/\/schema.org","@graph":[{"@type":"WebPage","@id":"https:\/\/www.ohis.be\/de\/produit\/wandschwenkkran-praktikus-pw\/","url":"https:\/\/www.ohis.be\/de\/produit\/wandschwenkkran-praktikus-pw\/","name":"Wandschwenkkran PRAKTIKUS PW - Ohis","isPartOf":{"@id":"https:\/\/www.ohis.be\/#website"},"primaryImageOfPage":{"@id":"https:\/\/www.ohis.be\/de\/produit\/wandschwenkkran-praktikus-pw\/#primaryimage"},"image":{"@id":"https:\/\/www.ohis.be\/de\/produit\/wandschwenkkran-praktikus-pw\/#primaryimage"},"thumbnailUrl":"https:\/\/www.ohis.be\/wp-content\/uploads\/2022\/02\/wandschwenkkran-praktikus-dreherei_03.jpg","datePublished":"2022-02-18T20:08:10+00:00","breadcrumb":{"@id":"https:\/\/www.ohis.be\/de\/produit\/wandschwenkkran-praktikus-pw\/#breadcrumb"},"inLanguage":"de","potentialAction":[{"@type":"ReadAction","target":["https:\/\/www.ohis.be\/de\/produit\/wandschwenkkran-praktikus-pw\/"]}]},{"@type":"ImageObject","inLanguage":"de","@id":"https:\/\/www.ohis.be\/de\/produit\/wandschwenkkran-praktikus-pw\/#primaryimage","url":"https:\/\/www.ohis.be\/wp-content\/uploads\/2022\/02\/wandschwenkkran-praktikus-dreherei_03.jpg","contentUrl":"https:\/\/www.ohis.be\/wp-content\/uploads\/2022\/02\/wandschwenkkran-praktikus-dreherei_03.jpg","width":800,"height":600},{"@type":"BreadcrumbList","@id":"https:\/\/www.ohis.be\/de\/produit\/wandschwenkkran-praktikus-pw\/#breadcrumb","itemListElement":[{"@type":"ListItem","position":1,"name":"Accueil","item":"https:\/\/www.ohis.be\/de\/"},{"@type":"ListItem","position":2,"name":"Produkte","item":"https:\/\/www.ohis.be\/de\/produkte\/"},{"@type":"ListItem","position":3,"name":"Wandschwenkkran PRAKTIKUS PW"}]},{"@type":"WebSite","@id":"https:\/\/www.ohis.be\/#website","url":"https:\/\/www.ohis.be\/","name":"Ohis","description":"Outils de levage","publisher":{"@id":"https:\/\/www.ohis.be\/#organization"},"potentialAction":[{"@type":"SearchAction","target":{"@type":"EntryPoint","urlTemplate":"https:\/\/www.ohis.be\/?s={search_term_string}"},"query-input":{"@type":"PropertyValueSpecification","valueRequired":true,"valueName":"search_term_string"}}],"inLanguage":"de"},{"@type":"Organization","@id":"https:\/\/www.ohis.be\/#organization","name":"Ohis","url":"https:\/\/www.ohis.be\/","logo":{"@type":"ImageObject","inLanguage":"de","@id":"https:\/\/www.ohis.be\/#\/schema\/logo\/image\/","url":"https:\/\/www.ohis.be\/wp-content\/uploads\/2021\/02\/logo-ohis-wit.svg","contentUrl":"https:\/\/www.ohis.be\/wp-content\/uploads\/2021\/02\/logo-ohis-wit.svg","caption":"Ohis"},"image":{"@id":"https:\/\/www.ohis.be\/#\/schema\/logo\/image\/"}}]}},"_links":{"self":[{"href":"https:\/\/www.ohis.be\/de\/wp-json\/wp\/v2\/product\/34838","targetHints":{"allow":["GET"]}}],"collection":[{"href":"https:\/\/www.ohis.be\/de\/wp-json\/wp\/v2\/product"}],"about":[{"href":"https:\/\/www.ohis.be\/de\/wp-json\/wp\/v2\/types\/product"}],"wp:featuredmedia":[{"embeddable":true,"href":"https:\/\/www.ohis.be\/de\/wp-json\/wp\/v2\/media\/12466"}],"wp:attachment":[{"href":"https:\/\/www.ohis.be\/de\/wp-json\/wp\/v2\/media?parent=34838"}],"wp:term":[{"taxonomy":"product_brand","embeddable":true,"href":"https:\/\/www.ohis.be\/de\/wp-json\/wp\/v2\/product_brand?post=34838"},{"taxonomy":"product_cat","embeddable":true,"href":"https:\/\/www.ohis.be\/de\/wp-json\/wp\/v2\/product_cat?post=34838"},{"taxonomy":"product_tag","embeddable":true,"href":"https:\/\/www.ohis.be\/de\/wp-json\/wp\/v2\/product_tag?post=34838"}],"curies":[{"name":"wp","href":"https:\/\/api.w.org\/{rel}","templated":true}]}}